{"id":309,"date":"2024-09-03T13:52:11","date_gmt":"2024-09-03T13:52:11","guid":{"rendered":"https:\/\/angelamaurizi.ch\/?page_id=309"},"modified":"2025-09-24T06:31:41","modified_gmt":"2025-09-24T06:31:41","slug":"stundenplan-in-der-praxis","status":"publish","type":"page","link":"https:\/\/angelamaurizi.ch\/?page_id=309","title":{"rendered":"Trainingstage GFK"},"content":{"rendered":"<h2><strong>Ich biete massgeschneiderte Trainingstage f\u00fcr Firmen, Kitas und Schulen an:<\/strong><\/h2>\n<h3 data-start=\"221\" data-end=\"249\">\ud83c\udf38 F\u00fcr Kitas &amp; Schulen<\/h3>\n<p data-start=\"250\" data-end=\"461\"><strong data-start=\"250\" data-end=\"315\">Das Team st\u00e4rken und die Selbstempathiekompetenz vertiefen:<\/strong><br data-start=\"315\" data-end=\"318\" \/>Mit angeleiteten \u00dcbungen und Werkzeugen f\u00fcr den Alltag.<\/p>\n<p data-start=\"250\" data-end=\"461\"><img decoding=\"async\" class=\"emoji\" role=\"img\" draggable=\"false\" src=\"https:\/\/s.w.org\/images\/core\/emoji\/16.0.1\/svg\/1f4de.svg\" alt=\"\ud83d\udcde\" \/> Gerne komme ich vorbei und wir schauen, was Ihre Schule, Ihre Kita braucht. Rufen Sie mich gerne an 079 590 59 27 oder schreiben mir eine Nachricht per E-Mail <a class=\"\" href=\"mailto:kontakt@angelamaurizi.ch\">kontakt@angelamaurizi.ch<\/a><\/p>\n<h3 data-start=\"468\" data-end=\"504\">\ud83c\udf3f F\u00fcr Firmen &amp; Organisationen<\/h3>\n<p data-start=\"505\" data-end=\"702\"><strong data-start=\"505\" data-end=\"566\">Wertsch\u00e4tzend kommunizieren \u2013 effizient zusammenarbeiten.<\/strong><br data-start=\"566\" data-end=\"569\" \/>In meinen GFK-Trainingstagen erhalten Teams wertvolle Werkzeuge f\u00fcr die Zusammenarbeit im Alltag, die auf ein Team st\u00e4rkend und motivierend wirken k\u00f6nnen.<\/p>\n<p data-start=\"505\" data-end=\"702\"><img decoding=\"async\" class=\"emoji\" role=\"img\" draggable=\"false\" src=\"https:\/\/s.w.org\/images\/core\/emoji\/16.0.1\/svg\/1f4de.svg\" alt=\"\ud83d\udcde\" \/> Gerne komme ich vorbei und wir schauen, was Ihr Unternehmen braucht. Rufen Sie mich gerne an 079 590 59 27 oder schreiben mir eine Nachricht per E-Mail <a class=\"\" href=\"mailto:kontakt@angelamaurizi.ch\">kontakt@angelamaurizi.ch<\/a><\/p>\n<h2><strong>Weitere Trainingstage:<\/strong><\/h2>\n<h2><strong>25. Oktober 2025, Schloss Goldrain, S\u00fcdtirol<\/strong><\/h2>\n\n\n<figure class=\"wp-block-image size-large\"><img loading=\"lazy\" decoding=\"async\" width=\"721\" height=\"1024\" src=\"https:\/\/angelamaurizi.ch\/wp-content\/uploads\/2025\/09\/SchlossGoldrain1-721x1024.jpeg\" alt=\"\" class=\"wp-image-511\" srcset=\"https:\/\/angelamaurizi.ch\/wp-content\/uploads\/2025\/09\/SchlossGoldrain1-721x1024.jpeg 721w, https:\/\/angelamaurizi.ch\/wp-content\/uploads\/2025\/09\/SchlossGoldrain1-211x300.jpeg 211w, https:\/\/angelamaurizi.ch\/wp-content\/uploads\/2025\/09\/SchlossGoldrain1-768x1090.jpeg 768w, https:\/\/angelamaurizi.ch\/wp-content\/uploads\/2025\/09\/SchlossGoldrain1-1082x1536.jpeg 1082w, https:\/\/angelamaurizi.ch\/wp-content\/uploads\/2025\/09\/SchlossGoldrain1.jpeg 1127w\" sizes=\"auto, (max-width: 721px) 100vw, 721px\" \/><\/figure>\n\n\n\n<figure class=\"wp-block-image size-large\"><img loading=\"lazy\" decoding=\"async\" width=\"721\" height=\"1024\" src=\"https:\/\/angelamaurizi.ch\/wp-content\/uploads\/2025\/09\/SchlossGoldrain2-721x1024.jpeg\" alt=\"\" class=\"wp-image-512\" srcset=\"https:\/\/angelamaurizi.ch\/wp-content\/uploads\/2025\/09\/SchlossGoldrain2-721x1024.jpeg 721w, https:\/\/angelamaurizi.ch\/wp-content\/uploads\/2025\/09\/SchlossGoldrain2-211x300.jpeg 211w, https:\/\/angelamaurizi.ch\/wp-content\/uploads\/2025\/09\/SchlossGoldrain2-768x1090.jpeg 768w, https:\/\/angelamaurizi.ch\/wp-content\/uploads\/2025\/09\/SchlossGoldrain2-1082x1536.jpeg 1082w, https:\/\/angelamaurizi.ch\/wp-content\/uploads\/2025\/09\/SchlossGoldrain2.jpeg 1127w\" sizes=\"auto, (max-width: 721px) 100vw, 721px\" \/><\/figure>\n\n\n\n<h2 class=\"wp-block-heading\">N\u00e4chste Veranstaltung: <strong>22. November 2025, eine Kooperation mit der Sinnb\u00f6rse, Kirchgemeinde Buchs<\/strong><\/h2>\n\n\n\n<figure class=\"wp-block-image size-large\"><img loading=\"lazy\" decoding=\"async\" width=\"726\" height=\"1024\" src=\"https:\/\/angelamaurizi.ch\/wp-content\/uploads\/2025\/09\/WhatsApp-Image-2025-09-24-at-08.30.38-726x1024.jpeg\" alt=\"\" class=\"wp-image-665\" srcset=\"https:\/\/angelamaurizi.ch\/wp-content\/uploads\/2025\/09\/WhatsApp-Image-2025-09-24-at-08.30.38-726x1024.jpeg 726w, https:\/\/angelamaurizi.ch\/wp-content\/uploads\/2025\/09\/WhatsApp-Image-2025-09-24-at-08.30.38-213x300.jpeg 213w, https:\/\/angelamaurizi.ch\/wp-content\/uploads\/2025\/09\/WhatsApp-Image-2025-09-24-at-08.30.38-768x1084.jpeg 768w, https:\/\/angelamaurizi.ch\/wp-content\/uploads\/2025\/09\/WhatsApp-Image-2025-09-24-at-08.30.38-1089x1536.jpeg 1089w, https:\/\/angelamaurizi.ch\/wp-content\/uploads\/2025\/09\/WhatsApp-Image-2025-09-24-at-08.30.38.jpeg 1263w\" sizes=\"auto, (max-width: 726px) 100vw, 726px\" \/><\/figure>\n","protected":false},"excerpt":{"rendered":"<p>Ich biete massgeschneiderte Trainingstage f\u00fcr Firmen, Kitas und Schulen an: \ud83c\udf38 F\u00fcr Kitas &amp; Schulen Das Team st\u00e4rken und die Selbstempathiekompetenz vertiefen:Mit angeleiteten \u00dcbungen und Werkzeugen f\u00fcr den Alltag. Gerne komme ich vorbei und wir schauen, was Ihre Schule, Ihre Kita braucht. Rufen Sie mich gerne an 079 590 59 27 oder schreiben mir eine &hellip; <\/p>\n<p class=\"link-more\"><a href=\"https:\/\/angelamaurizi.ch\/?page_id=309\" class=\"more-link\"><span class=\"screen-reader-text\">\u201eTrainingstage GFK\u201c<\/span> weiterlesen<\/a><\/p>\n","protected":false},"author":2,"featured_media":91,"parent":0,"menu_order":20,"comment_status":"closed","ping_status":"closed","template":"","meta":{"footnotes":""},"class_list":["post-309","page","type-page","status-publish","has-post-thumbnail","hentry"],"_links":{"self":[{"href":"https:\/\/angelamaurizi.ch\/index.php?rest_route=\/wp\/v2\/pages\/309","targetHints":{"allow":["GET"]}}],"collection":[{"href":"https:\/\/angelamaurizi.ch\/index.php?rest_route=\/wp\/v2\/pages"}],"about":[{"href":"https:\/\/angelamaurizi.ch\/index.php?rest_route=\/wp\/v2\/types\/page"}],"author":[{"embeddable":true,"href":"https:\/\/angelamaurizi.ch\/index.php?rest_route=\/wp\/v2\/users\/2"}],"replies":[{"embeddable":true,"href":"https:\/\/angelamaurizi.ch\/index.php?rest_route=%2Fwp%2Fv2%2Fcomments&post=309"}],"version-history":[{"count":22,"href":"https:\/\/angelamaurizi.ch\/index.php?rest_route=\/wp\/v2\/pages\/309\/revisions"}],"predecessor-version":[{"id":666,"href":"https:\/\/angelamaurizi.ch\/index.php?rest_route=\/wp\/v2\/pages\/309\/revisions\/666"}],"wp:featuredmedia":[{"embeddable":true,"href":"https:\/\/angelamaurizi.ch\/index.php?rest_route=\/wp\/v2\/media\/91"}],"wp:attachment":[{"href":"https:\/\/angelamaurizi.ch\/index.php?rest_route=%2Fwp%2Fv2%2Fmedia&parent=309"}],"curies":[{"name":"wp","href":"https:\/\/api.w.org\/{rel}","templated":true}]}}